{"id":271,"date":"2015-08-29T20:03:53","date_gmt":"2015-08-30T01:03:53","guid":{"rendered":"http:\/\/world.350.org\/tierractivaperu\/?page_id=271"},"modified":"2015-09-01T13:41:26","modified_gmt":"2015-09-01T18:41:26","slug":"justicia-climatica-e-interseccionalidad","status":"publish","type":"page","link":"https:\/\/world.350.org\/tierractiva\/justicia-climatica-e-interseccionalidad\/","title":{"rendered":"Justicia Clim\u00e1tica e Interseccionalidad"},"content":{"rendered":"<p>Las actividades, acciones y contenidos de TierrActiva Per\u00fa se basan en un enfoque de Justicia Clim\u00e1tica e Interseccionalidad.<\/p>\n<h3><strong><span style=\"color: #99cc00;\">\u00bfQu\u00e9 es la <em>Inter<\/em><\/span><\/strong><strong><span style=\"color: #99cc00;\"><em>seccionalidad<\/em>?<\/span><\/strong><\/h3>\n<h3><span><a href=\"http:\/\/world.350.org\/tierractivaperu\/files\/2015\/08\/audre-lorde-portrait.png\"><img loading=\"lazy\" decoding=\"async\" src=\"http:\/\/world.350.org\/tierractivaperu\/files\/2015\/08\/audre-lorde-portrait-300x232.png\" alt=\"audre-lorde-portrait\" class=\" size-medium wp-image-279 alignright\" height=\"232\" width=\"300\" srcset=\"https:\/\/world.350.org\/tierractiva\/files\/2015\/08\/audre-lorde-portrait-300x232.png 300w, https:\/\/world.350.org\/tierractiva\/files\/2015\/08\/audre-lorde-portrait-430x333.png 430w, https:\/\/world.350.org\/tierractiva\/files\/2015\/08\/audre-lorde-portrait.png 620w\" sizes=\"auto, (max-width: 300px) 100vw, 300px\" \/><\/a><\/span><\/h3>\n<p><span>La interseccionalidad<\/span> se centra en c\u00f3mo las categor\u00edas sociales como el <strong>g\u00e9nero, la raza, la clase socio-, las habilidades diferentes, la orientaci\u00f3n sexual, la religi\u00f3n<\/strong>, y otros ejes de identidad interact\u00faan en m\u00faltiples niveles, contribuyendo a la discriminaci\u00f3n, exclusi\u00f3n, desigualdad social e injusticia sist\u00e9mica. <\/p>\n<p class=\"p1\"><span><strong><br \/>Asumir un enfoque de interseccionalidad busca visibilizar y abordar los diferentes privilegios y opresiones que tod@s tenemos, para construir un movimiento activista <span style=\"color: #000000;\">m\u00e1s justo, inclusivo y coherente<\/span>.<\/strong> Como concepto, fue acu\u00f1ado<span> por Kimberl\u00e9 Crenshaw en 1989, en el contexto de las luchas afro-feministas en EEUU. <\/span><\/p>\n<p><\/span><\/p>\n<h5><span style=\"color: #99cc00;\"><strong>\u00abEn el movimiento por la justicia clim\u00e1tica, <br \/><\/strong><\/span><\/h5>\n<blockquote>\n<p class=\"p1\"><span>un an\u00e1lisis de interseccionalidad ayuda a explicar por qu\u00e9 no podemos simplemente luchar por una versi\u00f3n m\u00e1s verde y m\u00e1s limpia del sistema actual mediante la reducci\u00f3n de emisiones, frenando la deforestaci\u00f3n y transicionando a energ\u00edas renovables. <strong>El colapso de nuestros ecosistemas y desastres como huracanes y derrames de petr\u00f3leo siempre han afectado a algunas personas m\u00e1s que a otras.<\/strong> Usualmente, tambi\u00e9n son esas mismas comunidades que tienen un menor acceso a recursos &#8211;como vivienda segura&#8211; que les podr\u00eda ayudar a sobrevivir la devastaci\u00f3n econ\u00f3mica que viene con el colapso ecol\u00f3gico.\u00a0 (&#8230;) <\/p>\n<p>Debemos recordar: <strong>la interseccionalidad no es s\u00f3lo estructural. Tambi\u00e9n es personal.<\/strong> La mayor\u00eda de nosotr@s cargamos con capas superpuestas de privilegio y opresi\u00f3n. Como mujer migrante de color de una familia de clase trabajadora, puedo entender lo que es estar al frente de m\u00faltiples opresiones, pero tambi\u00e9n tengo el privilegio del acceso econ\u00f3mico y social que mi educaci\u00f3n universitaria, mi raza mestiza y parte de la transici\u00f3n de mi familia hacia la clase media me dan. Ignorar estas diferencias reales finalmente permite que opresiones hist\u00f3ricas se sigan dando; minimizando, erradicando y silenciando a ciertas voces. <\/p>\n<p><\/span>A una escala mayor, debemos brindar recursos y acceso a aquellos que no los tienen, en maneras que no sean superficiales. L@s activistas tenemos que dejar de hablar de \u00abempoderar\u00bb a las personas en los m\u00e1rgenes, como si no tuvieran ya su propio poder. Se trata de alejarse de los reflectores para dar espacio a otras personas, y de valorar el hecho de que el poder ya existe en comunidades marginalizadas. Tambi\u00e9n <strong>se trata de entender nuestras propias identidades, de ver c\u00f3mo nos beneficiamos del sistema y c\u00f3mo no &#8211; y asumir responsabilidad por nuestras capas de privilegio en c\u00f3mo nos movemos por el mundo.<\/strong> Se trata de que las organizaciones establecidas sean concientes de las desigualdades que perpet\u00faan, especialmente en t\u00e9rminos del acceso a recursos y al mercado laboral en el complejo sin fines de lucro. Mediante todo esto, debemos comprometernos a trabajar con cuidado a pesar de la urgencia de nuestras crisis, y de mantenernos responsables cuando surjan din\u00e1micas destructivas.\u00bb<\/p>\n<p><span>&#8211;<a target=\"_blank\" href=\"http:\/\/wagingnonviolence.org\/feature\/intersectionality-isnt-just-win-win-way\/\">Henia Belalia <\/a>(Traducci\u00f3n propia)<\/p>\n<p><\/span><\/p>\n<\/blockquote>\n<p><span style=\"color: #99cc00;\"><span style=\"color: #000000;\"><br \/>Recursos adicionales:<\/span><\/span><\/p>\n<ul>\n<li><strong><strong><span style=\"color: #99cc00;\"><span><a target=\"_blank\" href=\"http:\/\/www.inmujeres.gub.uy\/innovaportal\/file\/21639\/1\/2_awid_interseccionalidad.pdf\">Interseccionalidad: Una herramienta para la justicia de g\u00e9nero y la justicia econ\u00f3mica<\/a><\/span><\/span><\/strong><\/strong><\/li>\n<li><strong><strong><span style=\"color: #99cc00;\"><span><a target=\"_blank\" href=\"http:\/\/www.gloobal.net\/iepala\/gloobal\/fichas\/ficha.php?entidad=Textos&#038;id=1364&#038;opcion=documento\">Interseccionalidad: Una alternativa para vivir en la diversidad<\/a><\/span><\/span><\/strong><\/strong><\/li>\n<li><strong><strong><span style=\"color: #99cc00;\"><span><a target=\"_blank\" href=\"http:\/\/www.yesmagazine.org\/planet\/get-intersectional-why-your-movement-can-t-go-it-alone\">En ingl\u00e9s: Get Intersectional! (Or Why Your Movement Can&#8217;t Go It Alone)\n<p><\/a><\/span><\/span><\/strong><\/strong><\/li>\n<\/ul>\n<h3><span style=\"color: #99cc00;\"><br \/>\u00bfQu\u00e9 es la <em>Justicia Clim\u00e1tica<\/em>?<\/span><\/h3>\n<p><\/p>\n<p style=\"text-align: left;\"><span><\/span><span>Los movimientos por la justicia clim\u00e1tica buscamos <strong>hacer frente a las desigualdades y discriminaciones que son generadas o alimentadas por los efectos del cambio clim\u00e1tico. <\/p>\n<p>El enfoque de justicia clim\u00e1tica coloca al centro a las poblaciones especialmente vulnerables a los efectos del cambio clim\u00e1tico.<\/strong> Asimismo, la justicia clim\u00e1tica busca reconocer las responsabilidades comunes pero diferenciadas entre pa\u00edses con distintos niveles de desarrollo, exigiendo que se honre la deuda hist\u00f3rica que tienen los principales emisores de CO2. Por ejemplo, esto implica diferenciar lo que debe invertir cada pa\u00eds para los fondos internacionales de adaptaci\u00f3n al cambio clim\u00e1tico.<\/p>\n<p>En el contexto de las negociaciones de la Convenci\u00f3n Marco de las Naciones Unidas de Cambio Clim\u00e1tico (CMNUCC), o las COP anuales, grupos y pa\u00edses con un enfoque de justicia clim\u00e1tica se oponen al l\u00edmite de 2 grados Celsius, y proponen 1.5 grados como el l\u00edmite de calentamiento global al que debemos llegar. \u00bfPor qu\u00e9? En l\u00edneas generales, hablar de un promedio global invisibiliza los impactos diferenciados que dicho promedio puede tener en las poblaciones m\u00e1s vulnerables &#8211; en este caso, <a target=\"_blank\" href=\"http:\/\/350.org\/africa-refuses-die-quietly\/\">2 grados implicar\u00eda un calentamiento de 3 grados a m\u00e1s en zonas del \u00c1frica<\/a>, con <a target=\"_blank\" href=\"http:\/\/www.sciencedaily.com\/releases\/2015\/03\/150327091016.htm\">consecuencias devastadoras<\/a>, e <a target=\"_blank\" href=\"http:\/\/www.rollingstone.com\/politics\/news\/global-warmings-terrifying-new-math-20120719?page=2\">implicar\u00eda el hundimiento total de pa\u00edses-isla en el Oc\u00e9ano Pac\u00edfico<\/a>. <\/p>\n<p>Otro de los principales ejes de<\/span><span><a href=\"http:\/\/world.350.org\/tierractivaperu\/files\/2015\/08\/ob_154b4e_carbo-n.jpg\"><img loading=\"lazy\" decoding=\"async\" src=\"http:\/\/world.350.org\/tierractivaperu\/files\/2015\/08\/ob_154b4e_carbo-n-300x213.jpg\" alt=\"carbono\" class=\"alignleft wp-image-276 size-medium\" height=\"213\" width=\"300\" srcset=\"https:\/\/world.350.org\/tierractiva\/files\/2015\/08\/ob_154b4e_carbo-n-300x213.jpg 300w, https:\/\/world.350.org\/tierractiva\/files\/2015\/08\/ob_154b4e_carbo-n-430x306.jpg 430w, https:\/\/world.350.org\/tierractiva\/files\/2015\/08\/ob_154b4e_carbo-n.jpg 484w\" sizes=\"auto, (max-width: 300px) 100vw, 300px\" \/><\/a><\/span><span>l movimi<\/span><span>ento por la Justicia Clim\u00e1tica es el rechazo a las falsas soluciones al cambio clim\u00e1tico, y el apoyo a las alternativas y respuestas qu<\/span><span>e permiten solucionar la crisis clim\u00e1tica desde las comunidades, y desde las ra\u00edces del problema. Las falsas soluciones son aquellas re<\/span><span>spuestas al cambio clim\u00e1tico que se basan en las tecnolog\u00edas \u00absalvadoras\u00bb y las soluciones de mercado, como por ejemplo el mer<\/span><span>cado de<\/span><span> cr\u00e9ditos de carbono. Los cr\u00e9ditos de carbono se basan en el principio de que las empresas paguen por seguir contaminando, y que dicho<\/span><span> dinero compense iniciativas de conservaci\u00f3n en otros lares. Como ha sido investigado y denunciado en<\/span><span> m\u00faltiples oportunidades, esta<a target=\"_blank\" href=\"http:\/\/www.oilwatch.org\/es\/galeria\/videos\/542-la-historia-de-la-falsas-soluciones-climticas\"> l\u00f3gica simplifica la realidad compleja de la crisis clim\u00e1tica y ambiental, perpet\u00faa el modelo industrial ins<\/a><\/span><span><a target=\"_blank\" href=\"http:\/\/www.oilwatch.org\/es\/galeria\/videos\/542-la-historia-de-la-falsas-soluciones-climticas\">ostenible, otorga falsas compensaciones y distrae de lo qu<\/a><\/span><span><a target=\"_blank\" href=\"http:\/\/www.oilwatch.org\/es\/galeria\/videos\/542-la-historia-de-la-falsas-soluciones-climticas\">e realmente se necesita para <\/a><\/span><span><a target=\"_blank\" href=\"http:\/\/www.oilwatch.org\/es\/galeria\/videos\/542-la-historia-de-la-falsas-soluciones-climticas\">enfrentar el problema. <\/a><\/p>\n<p><\/span><br \/><span>Una respuesta efectiva no puede depender de aquello que origin\u00f3 la crisis clim\u00e1tica -la crisis de sistema- en primer lugar: los combustibles f\u00f3siles, la mega industria, la b\u00fasqueda de lucro privado, y el mercado. Por ejemplo, en el caso de la adaptaci\u00f3n y mitigaci\u00f3n del cambio clim\u00e1tico en el \u00e1mbito de la agricultura, el movimiento de justicia clim\u00e1tica <a target=\"_blank\" href=\"http:\/\/viacampesina.org\/es\/index.php\/temas-principales-mainmenu-27\/agricultura-campesina-sostenible-mainmenu-42\/2301-posicionamiento-politico-de-la-via-campesina-justicia-climatica-y-ambiental-ya\">La V\u00eda Campesina propone<\/a>:<\/p>\n<p>\u00ab<\/span><span>Los sistemas campesinos e ind\u00edgenas de agricultura, caza, pesca y pastoreo que ayudan a cuidar la tierra y la alimentaci\u00f3n deben ser apoyados adecuadamente con fondos y medios p\u00fablicos no condicionados. Los mecanismos de mercado -como venta de carbono y servicios ambientales- deben desmontarse de inmediato y reemplazarse por medidas reales. Detener la contaminaci\u00f3n es un deber que nadie puede evadir comprando derechos a seguir destruyendo. <br \/>(&#8230;) <strong>Repudiamos y denunciamos la econom\u00eda verde como una nueva m\u00e1scara para ocultar mayores niveles de codicia<\/strong> de las corporaciones y del imperialismo alimentario en el mundo y como una forma brutal de lavarle la cara al capitalismo, que s\u00f3lo impone falsas soluciones como la agricultura clim\u00e1ticamente inteligente, como el comercio de carbono, REDD, la geoingenier\u00eda, los transg\u00e9nicos, los agrocombustibles, el biocarbono y todas las soluciones de mercado a la crisis ambiental.<br \/><strong>Nuestro reto es restituir otra manera de relacionarnos con la naturaleza y entre los pueblos.<\/strong> Ese es tambi\u00e9n nuestro deber y nuestro derecho y por ello seguiremos luchando y llamamos a seguir luchando incansablemente por <strong>la construcci\u00f3n de la soberan\u00eda alimentaria, por la reforma agraria integral y la recuperaci\u00f3n de los territorios ind\u00edgenas<\/strong>, por poner fin a la violencia del capital, y por restituir los sistemas campesinos e ind\u00edgenas de producci\u00f3n basados en la agroecolog\u00eda.\u00bb<br \/><\/span><span><\/p>\n<p>Recursos adicionales: <br \/><a target=\"_blank\" href=\"http:\/\/cedal-peru.org\/wp-content\/uploads\/2013\/02\/manual-de-justicia-climatica.pdf\">&#8211; Manual de Justicia Clim\u00e1tica (CEDAL- Per\u00fa)<\/a><br \/><a target=\"_blank\" href=\"http:\/\/www.rebelion.org\/docs\/122984.pdf\">&#8211; Voces del sur para la justicia clim\u00e1tica (Amigos de la Tierra Am\u00e9rica Latina y el Caribe)<\/a><br \/><a target=\"_blank\" href=\"http:\/\/womenclimatejustice.org.s52482.gridserver.com\/wp-content\/uploads\/2015\/08\/The-Womens-Global-Call-for-Climate-Justice_SpanishFinal_Design.pdf\">&#8211; Llamamiento Global de las Mujeres por la Justicia Clim\u00e1tica<\/a><br \/><a target=\"_blank\" href=\"http:\/\/www.climate-justice-now.org\/es\/justicia-climatica-ahora-declaracion\/\">&#8211; Declaraci\u00f3n de la red internacional Justicia Clim\u00e1tica Ahora!<\/a> <br \/><a target=\"_blank\" href=\"http:\/\/caravanaclimatica.org\/files\/2014\/05\/FS-BOOKLETT_spanish_web.pdf\">&#8211; Falsas Soluciones para el Cambio Clim\u00e1tico (Rising Tide North America y Carbon Trade Watch<\/a>)<\/p>\n<p><em>Art\u00edculo escrito y compilado por Majandra Rodriguez Acha<\/em><br \/><\/span><\/p>\n","protected":false},"excerpt":{"rendered":"<p>Las actividades, acciones y contenidos de TierrActiva Per\u00fa se basan en un enfoque de Justicia Clim\u00e1tica e Interseccionalidad. \u00bfQu\u00e9 es<span class=\"text-cutoff\">&#8230;<\/span><\/p>\n","protected":false},"author":0,"featured_media":0,"parent":0,"menu_order":0,"comment_status":"open","ping_status":"open","template":"","meta":{"_acf_changed":false,"footnotes":""},"class_list":["post-271","page","type-page","status-publish","hentry"],"acf":[],"_links":{"self":[{"href":"https:\/\/world.350.org\/tierractiva\/wp-json\/wp\/v2\/pages\/271","targetHints":{"allow":["GET"]}}],"collection":[{"href":"https:\/\/world.350.org\/tierractiva\/wp-json\/wp\/v2\/pages"}],"about":[{"href":"https:\/\/world.350.org\/tierractiva\/wp-json\/wp\/v2\/types\/page"}],"replies":[{"embeddable":true,"href":"https:\/\/world.350.org\/tierractiva\/wp-json\/wp\/v2\/comments?post=271"}],"version-history":[{"count":0,"href":"https:\/\/world.350.org\/tierractiva\/wp-json\/wp\/v2\/pages\/271\/revisions"}],"wp:attachment":[{"href":"https:\/\/world.350.org\/tierractiva\/wp-json\/wp\/v2\/media?parent=271"}],"curies":[{"name":"wp","href":"https:\/\/api.w.org\/{rel}","templated":true}]}}